{"id":394,"date":"2015-08-31T14:47:40","date_gmt":"2015-08-31T14:47:40","guid":{"rendered":"https:\/\/websites.fraunhofer.de\/indiger\/?page_id=394"},"modified":"2015-08-31T14:47:40","modified_gmt":"2015-08-31T14:47:40","slug":"prof-dr-stephan-rixen","status":"publish","type":"page","link":"https:\/\/indiger.net\/?page_id=394","title":{"rendered":"Prof. Dr. Stephan Rixen"},"content":{"rendered":"<h3>Funktion<\/h3>\n<p>Prof. Dr. Stephan Rixen ist Inhaber des <a href=\"http:\/\/www.oer1.uni-bayreuth.de\/de\/index.html\" target=\"_blank\">Lehrstuhls f\u00fcr \u00d6ffentliches Recht I, \u00d6ffentliches Recht, Sozialwirtschafts- und Gesundheitsrecht<\/a> an der Universit\u00e4t Bayreuth.<br \/>\n<a href=\"https:\/\/indiger.net\/wp-content\/uploads\/2015\/08\/SR.jpg\"><img loading=\"lazy\" decoding=\"async\" class=\"alignleft wp-image-395\" src=\"https:\/\/indiger.net\/wp-content\/uploads\/2015\/08\/SR.jpg\" alt=\"Prof. Dr. Stephan Rixen\" width=\"300\" height=\"416\" srcset=\"https:\/\/indiger.net\/wp-content\/uploads\/2015\/08\/SR.jpg 500w, https:\/\/indiger.net\/wp-content\/uploads\/2015\/08\/SR-216x300.jpg 216w\" sizes=\"(max-width: 300px) 100vw, 300px\" \/><\/a><\/p>\n<h3>Vita und aktuelle T\u00e4tigkeitsschwerpunkte<\/h3>\n<h4>Beruflicher Werdegang<\/h4>\n<p>Nach Jura-Studium in T\u00fcbingen und L\u00f6wen sowie Promotion in Gie\u00dfen zun\u00e4chst Rechtsanwalt in Berlin, dort u.a. mit der Rechtsvertretung von Krankenh\u00e4usern aller Versorgungsstufen befasst. Ab 2001 Wissenschaftlicher Assistent am Institut f\u00fcr Staatsrecht und an der Forschungsstelle f\u00fcr das Recht des Gesundheitswesens der Universit\u00e4t zu K\u00f6ln, dort auch Habilitation (Lehrbefugnis f\u00fcr Staats- und Verwaltungsrecht, deutsches und europ\u00e4isches Sozialrecht sowie \u00f6ffentliches Wirtschaftsrecht). Von 2007 bis 2010 Inhaber des Lehrstuhls f\u00fcr das Recht sozialer Dienstleistungen und Einrichtungen an der Universit\u00e4t Kassel. Seit 2010 Inhaber des Lehrstuhls f\u00fcr \u00d6ffentliches Recht, Sozialwirtschafts- und Gesundheitsrecht (Lehrstuhl f\u00fcr \u00d6ffentliches Recht I) an der Universit\u00e4t Bayreuth.<\/p>\n<h4>Aktuelle Forschungsthemen und T\u00e4tigkeiten<\/h4>\n<p>Einen zentralen Forschungsschwerpunkt bildet das Gesundheitsrecht: zum einen die Regulierung und Reform von Versorgungsstrukturen unter Einbindung insbesondere nicht-\u00e4rztlicher Gesundheitsberufe, zum anderen die \u00d6ffnung der Versorgungsstrukturen f\u00fcr Versorgungspfade, die Patientenautonomie praxisgerecht gew\u00e4hrleisten (z.B. im Rahmen des Advance Care Planning). Erfahrung mit eigenen interdisziplin\u00e4ren, drittmittelgef\u00f6rderten (DFG, BMBF) Forschungsprojekten.<br \/>\nProf. Rixen ist u.a. Mitglied des Fachbeirats (Scientific Advisory Board) des Max-Planck-Instituts f\u00fcr Sozialrecht und Sozialpolitik, M\u00fcnchen, des von der Deutschen Forschungsgemeinschaft (DFG) eingesetzten Gremiums \u201eOmbudsman f\u00fcr die Wissenschaft\u201c sowie der Sachverst\u00e4ndigenkommission f\u00fcr den Zweiten Gleichstellungsbericht der Bundesregierung.<\/p>\n","protected":false},"excerpt":{"rendered":"<p>Funktion Prof. Dr. Stephan Rixen ist Inhaber des Lehrstuhls f\u00fcr \u00d6ffentliches Recht I, \u00d6ffentliches Recht, Sozialwirtschafts- und Gesundheitsrecht an der Universit\u00e4t Bayreuth. Vita und aktuelle T\u00e4tigkeitsschwerpunkte Beruflicher Werdegang Nach Jura-Studium in T\u00fcbingen und L\u00f6wen sowie Promotion in Gie\u00dfen zun\u00e4chst Rechtsanwalt in Berlin, dort u.a. mit der Rechtsvertretung von Krankenh\u00e4usern aller Versorgungsstufen befasst. Ab 2001 Wissenschaftlicher [&hellip;]<\/p>\n","protected":false},"author":1,"featured_media":0,"parent":325,"menu_order":0,"comment_status":"closed","ping_status":"closed","template":"","meta":{"ngg_post_thumbnail":0,"footnotes":""},"class_list":["post-394","page","type-page","status-publish"],"_links":{"self":[{"href":"https:\/\/indiger.net\/index.php?rest_route=\/wp\/v2\/pages\/394"}],"collection":[{"href":"https:\/\/indiger.net\/index.php?rest_route=\/wp\/v2\/pages"}],"about":[{"href":"https:\/\/indiger.net\/index.php?rest_route=\/wp\/v2\/types\/page"}],"author":[{"embeddable":true,"href":"https:\/\/indiger.net\/index.php?rest_route=\/wp\/v2\/users\/1"}],"replies":[{"embeddable":true,"href":"https:\/\/indiger.net\/index.php?rest_route=%2Fwp%2Fv2%2Fcomments&post=394"}],"version-history":[{"count":4,"href":"https:\/\/indiger.net\/index.php?rest_route=\/wp\/v2\/pages\/394\/revisions"}],"predecessor-version":[{"id":399,"href":"https:\/\/indiger.net\/index.php?rest_route=\/wp\/v2\/pages\/394\/revisions\/399"}],"up":[{"embeddable":true,"href":"https:\/\/indiger.net\/index.php?rest_route=\/wp\/v2\/pages\/325"}],"wp:attachment":[{"href":"https:\/\/indiger.net\/index.php?rest_route=%2Fwp%2Fv2%2Fmedia&parent=394"}],"curies":[{"name":"wp","href":"https:\/\/api.w.org\/{rel}","templated":true}]}}